{"id":2,"date":"2022-08-16T20:50:36","date_gmt":"2022-08-16T20:50:36","guid":{"rendered":"https:\/\/novaclima.cl\/nova-instaladores\/?page_id=2"},"modified":"2024-12-30T16:44:44","modified_gmt":"2024-12-30T20:44:44","slug":"instaladores-certificados","status":"publish","type":"page","link":"https:\/\/novaclima.cl\/nova-instaladores\/instaladores-certificados\/","title":{"rendered":"Instaladores Certificados"},"content":{"rendered":"\t<section class=\"section\" id=\"section_1242982226\">\n\t\t<div class=\"bg section-bg fill bg-fill  bg-loaded\" >\n\n\t\t\t\n\t\t\t\n\t\t\t\n\n\t\t<\/div>\n\n\t\t\n\n\t\t<div class=\"section-content relative\">\n\t\t\t\n  <div id=\"page-header-1693492219\" class=\"page-header-wrapper\">\n  <div class=\"page-title dark featured-title\">\n\n    \n    <div class=\"page-title-inner container align-center flex-row medium-flex-wrap\" >\n              <div class=\"title-wrapper flex-col text-left medium-text-center\">\n          <h1 class=\"entry-title mb-0\">\n            Instaladores Certificados          <\/h1>\n        <\/div>\n                    <div class=\"title-content flex-col flex-right text-right medium-text-center\">\n        <div class=\"title-breadcrumbs pb-half pt-half\"><nav class=\"woocommerce-breadcrumb breadcrumbs \">Home<\/nav><\/div>      <\/div>\n    <\/div>\n\n       <\/div>\n    <\/div>\n  \n\t\t<\/div>\n\n\t\t\n<style>\n#section_1242982226 {\n  padding-top: 30px;\n  padding-bottom: 30px;\n}\n<\/style>\n\t<\/section>\n\t\n<div class=\"row\"  id=\"row-1681925509\">\n\n\t<div id=\"col-1568252186\" class=\"col medium-4 small-12 large-4\"  >\n\t\t\t\t<div class=\"col-inner\"  >\n\t\t\t\n\t\t\t\n<ul class=\"sidebar-wrapper ul-reset\"><aside id=\"tag_cloud-9\" class=\"widget widget_tag_cloud\"><span class=\"widget-title shop-sidebar\">Cobertura<\/span><div class=\"is-divider small\"><\/div><div class=\"tagcloud\"><a href=\"https:\/\/novaclima.cl\/nova-instaladores\/etiqueta-producto\/rancagua\/\" class=\"tag-cloud-link tag-link-59 tag-link-position-1\" style=\"font-size: 8pt;\" aria-label=\"Rancagua (1 elemento)\">Rancagua<span class=\"tag-link-count\"> (1)<\/span><\/a>\n<a href=\"https:\/\/novaclima.cl\/nova-instaladores\/etiqueta-producto\/region-de-aysen\/\" class=\"tag-cloud-link tag-link-57 tag-link-position-2\" style=\"font-size: 9.8947368421053pt;\" aria-label=\"Regi\u00f3n de Ays\u00e9n (2 elementos)\">Regi\u00f3n de Ays\u00e9n<span class=\"tag-link-count\"> (2)<\/span><\/a>\n<a href=\"https:\/\/novaclima.cl\/nova-instaladores\/etiqueta-producto\/region-de-coquimbo\/\" class=\"tag-cloud-link tag-link-50 tag-link-position-3\" style=\"font-size: 14.842105263158pt;\" aria-label=\"Regi\u00f3n de Coquimbo (8 elementos)\">Regi\u00f3n de Coquimbo<span class=\"tag-link-count\"> (8)<\/span><\/a>\n<a href=\"https:\/\/novaclima.cl\/nova-instaladores\/etiqueta-producto\/region-de-la-araucania\/\" class=\"tag-cloud-link tag-link-51 tag-link-position-4\" style=\"font-size: 19.368421052632pt;\" aria-label=\"Regi\u00f3n de la Araucan\u00eda (23 elementos)\">Regi\u00f3n de la Araucan\u00eda<span class=\"tag-link-count\"> (23)<\/span><\/a>\n<a href=\"https:\/\/novaclima.cl\/nova-instaladores\/etiqueta-producto\/region-del-biobio\/\" class=\"tag-cloud-link tag-link-32 tag-link-position-5\" style=\"font-size: 19.578947368421pt;\" aria-label=\"Regi\u00f3n del B\u00edob\u00edo (24 elementos)\">Regi\u00f3n del B\u00edob\u00edo<span class=\"tag-link-count\"> (24)<\/span><\/a>\n<a href=\"https:\/\/novaclima.cl\/nova-instaladores\/etiqueta-producto\/region-del-maule\/\" class=\"tag-cloud-link tag-link-49 tag-link-position-6\" style=\"font-size: 15.789473684211pt;\" aria-label=\"Regi\u00f3n del Maule (10 elementos)\">Regi\u00f3n del Maule<span class=\"tag-link-count\"> (10)<\/span><\/a>\n<a href=\"https:\/\/novaclima.cl\/nova-instaladores\/etiqueta-producto\/region-de-los-lagos\/\" class=\"tag-cloud-link tag-link-52 tag-link-position-7\" style=\"font-size: 17.789473684211pt;\" aria-label=\"Regi\u00f3n de los Lagos (16 elementos)\">Regi\u00f3n de los Lagos<span class=\"tag-link-count\"> (16)<\/span><\/a>\n<a href=\"https:\/\/novaclima.cl\/nova-instaladores\/etiqueta-producto\/region-de-los-rios\/\" class=\"tag-cloud-link tag-link-55 tag-link-position-8\" style=\"font-size: 17.789473684211pt;\" aria-label=\"Regi\u00f3n de los R\u00edos (16 elementos)\">Regi\u00f3n de los R\u00edos<span class=\"tag-link-count\"> (16)<\/span><\/a>\n<a href=\"https:\/\/novaclima.cl\/nova-instaladores\/etiqueta-producto\/region-de-magallanes\/\" class=\"tag-cloud-link tag-link-58 tag-link-position-9\" style=\"font-size: 9.8947368421053pt;\" aria-label=\"Regi\u00f3n de Magallanes (2 elementos)\">Regi\u00f3n de Magallanes<span class=\"tag-link-count\"> (2)<\/span><\/a>\n<a href=\"https:\/\/novaclima.cl\/nova-instaladores\/etiqueta-producto\/region-de-ohiggins\/\" class=\"tag-cloud-link tag-link-53 tag-link-position-10\" style=\"font-size: 17.789473684211pt;\" aria-label=\"Regi\u00f3n de O&#039;Higgins (16 elementos)\">Regi\u00f3n de O&#039;Higgins<span class=\"tag-link-count\"> (16)<\/span><\/a>\n<a href=\"https:\/\/novaclima.cl\/nova-instaladores\/etiqueta-producto\/region-de-valparaiso\/\" class=\"tag-cloud-link tag-link-54 tag-link-position-11\" style=\"font-size: 19.578947368421pt;\" aria-label=\"Regi\u00f3n de Valpara\u00edso (24 elementos)\">Regi\u00f3n de Valpara\u00edso<span class=\"tag-link-count\"> (24)<\/span><\/a>\n<a href=\"https:\/\/novaclima.cl\/nova-instaladores\/etiqueta-producto\/region-de-nuble\/\" class=\"tag-cloud-link tag-link-56 tag-link-position-12\" style=\"font-size: 15.789473684211pt;\" aria-label=\"Regi\u00f3n de \u00d1uble (10 elementos)\">Regi\u00f3n de \u00d1uble<span class=\"tag-link-count\"> (10)<\/span><\/a>\n<a href=\"https:\/\/novaclima.cl\/nova-instaladores\/etiqueta-producto\/toyota\/\" class=\"tag-cloud-link tag-link-31 tag-link-position-13\" style=\"font-size: 22pt;\" aria-label=\"Regi\u00f3n Metropolitana (42 elementos)\">Regi\u00f3n Metropolitana<span class=\"tag-link-count\"> (42)<\/span><\/a>\n<a href=\"https:\/\/novaclima.cl\/nova-instaladores\/etiqueta-producto\/vina-del-mar\/\" class=\"tag-cloud-link tag-link-68 tag-link-position-14\" style=\"font-size: 8pt;\" aria-label=\"Vi\u00f1a del Mar (1 elemento)\">Vi\u00f1a del Mar<span class=\"tag-link-count\"> (1)<\/span><\/a><\/div>\n<\/aside><\/ul>\n\t\t<\/div>\n\t\t\t\t\t<\/div>\n\n\t\n\n\t<div id=\"col-188991676\" class=\"col medium-8 small-12 large-8\"  >\n\t\t\t\t<div class=\"col-inner\"  >\n\t\t\t\n\t\t\t\n\t\t\t<div id=\"ux-relay-62947684\" class=\"ux-relay ux-relay--prev-next\" data-flatsome-relay=\"{&quot;postType&quot;:&quot;product&quot;,&quot;tag&quot;:&quot;ux_products&quot;,&quot;atts&quot;:{&quot;type&quot;:&quot;masonry&quot;,&quot;columns&quot;:&quot;3&quot;,&quot;relay&quot;:&quot;prev-next&quot;,&quot;show_cat&quot;:&quot;0&quot;,&quot;cat&quot;:&quot;70&quot;},&quot;currentPage&quot;:&quot;1&quot;,&quot;totalPages&quot;:6,&quot;totalPosts&quot;:48,&quot;postCount&quot;:8}\" >\n\t\t\n  \n    <div id=\"product-grid-337670956\" class=\"row large-columns-3 medium-columns- small-columns-2 row-small has-shadow row-box-shadow-1 row-box-shadow-2-hover row-masonry\" data-packery-options='{\"itemSelector\": \".col\", \"gutter\": 0, \"presentageWidth\" : true}'>\n\n  \n\t     <div class=\"product-small col has-hover product type-product post-309 status-publish first instock product_cat-certificado-rinnai product_cat-instalacion-de-calderas product_cat-mantencion-y-servicio-tecnico product_tag-region-de-la-araucania product_tag-region-de-nuble product_tag-region-del-biobio has-post-thumbnail shipping-taxable product-type-simple\">\n\t<div class=\"col-inner\">\n\t\n<div class=\"badge-container absolute left top z-1\">\n\n<div class=\"badge callout badge-circle\"><div class=\"badge-inner callout-new-bg is-small new-bubble\">CERTIFICADO<\/div><\/div><\/div>\n\t<div class=\"product-small box \">\n\t\t<div class=\"box-image\">\n\t\t\t<div class=\"image-fade_in_back\">\n\t\t\t\t<a href=\"https:\/\/novaclima.cl\/nova-instaladores\/producto\/pablo-andres-pacheco-farias\/\" aria-label=\"Pablo Andr\u00e9s Pacheco Far\u00edas\">\n\t\t\t\t\t<img decoding=\"async\" width=\"200\" height=\"133\" src=\"https:\/\/novaclima.cl\/nova-instaladores\/wp-content\/uploads\/2026\/03\/Gasfiteria-Biogas-200x133.jpg\" class=\"attachment-woocommerce_thumbnail size-woocommerce_thumbnail\" alt=\"\" srcset=\"https:\/\/novaclima.cl\/nova-instaladores\/wp-content\/uploads\/2026\/03\/Gasfiteria-Biogas-200x133.jpg 200w, https:\/\/novaclima.cl\/nova-instaladores\/wp-content\/uploads\/2026\/03\/Gasfiteria-Biogas-600x400.jpg 600w, https:\/\/novaclima.cl\/nova-instaladores\/wp-content\/uploads\/2026\/03\/Gasfiteria-Biogas-1200x800.jpg 1200w, https:\/\/novaclima.cl\/nova-instaladores\/wp-content\/uploads\/2026\/03\/Gasfiteria-Biogas-768x512.jpg 768w, https:\/\/novaclima.cl\/nova-instaladores\/wp-content\/uploads\/2026\/03\/Gasfiteria-Biogas-250x167.jpg 250w, https:\/\/novaclima.cl\/nova-instaladores\/wp-content\/uploads\/2026\/03\/Gasfiteria-Biogas.jpg 1536w\" sizes=\"(max-width: 200px) 100vw, 200px\" \/>\t\t\t\t<\/a>\n\t\t\t<\/div>\n\t\t\t<div class=\"image-tools is-small top right show-on-hover\">\n\t\t\t\t\t\t\t<\/div>\n\t\t\t<div class=\"image-tools is-small hide-for-small bottom left show-on-hover\">\n\t\t\t\t\t\t\t<\/div>\n\t\t\t<div class=\"image-tools grid-tools text-center hide-for-small bottom hover-slide-in show-on-hover\">\n\t\t\t\t  <a class=\"quick-view\" data-prod=\"309\" href=\"#quick-view\">Vista R\u00e1pida<\/a>\t\t\t<\/div>\n\t\t\t\t\t<\/div>\n\n\t\t<div class=\"box-text box-text-products\">\n\t\t\t<div class=\"title-wrapper\"><p class=\"name product-title woocommerce-loop-product__title\"><a href=\"https:\/\/novaclima.cl\/nova-instaladores\/producto\/pablo-andres-pacheco-farias\/\" class=\"woocommerce-LoopProduct-link woocommerce-loop-product__link\">Pablo Andr\u00e9s Pacheco Far\u00edas<\/a><\/p><\/div><div class=\"price-wrapper\"><\/div>\t\t<\/div>\n\t<\/div>\n\t\t<\/div>\n<\/div><div class=\"product-small col has-hover product type-product post-307 status-publish instock product_cat-certificado-rinnai product_cat-instalacion-de-calderas product_cat-mantencion-y-servicio-tecnico product_tag-region-de-la-araucania product_tag-region-del-biobio product_tag-region-del-maule has-post-thumbnail shipping-taxable product-type-simple\">\n\t<div class=\"col-inner\">\n\t\n<div class=\"badge-container absolute left top z-1\">\n\n<div class=\"badge callout badge-circle\"><div class=\"badge-inner callout-new-bg is-small new-bubble\">CERTIFICADO<\/div><\/div><\/div>\n\t<div class=\"product-small box \">\n\t\t<div class=\"box-image\">\n\t\t\t<div class=\"image-fade_in_back\">\n\t\t\t\t<a href=\"https:\/\/novaclima.cl\/nova-instaladores\/producto\/hector-francisco-gonzalez-barros\/\" aria-label=\"H\u00e9ctor Francisco Gonz\u00e1lez Barros\">\n\t\t\t\t\t<img decoding=\"async\" width=\"200\" height=\"52\" src=\"https:\/\/novaclima.cl\/nova-instaladores\/wp-content\/uploads\/2026\/03\/1000059227-200x52.jpg\" class=\"attachment-woocommerce_thumbnail size-woocommerce_thumbnail\" alt=\"\" srcset=\"https:\/\/novaclima.cl\/nova-instaladores\/wp-content\/uploads\/2026\/03\/1000059227-200x52.jpg 200w, https:\/\/novaclima.cl\/nova-instaladores\/wp-content\/uploads\/2026\/03\/1000059227-800x210.jpg 800w, https:\/\/novaclima.cl\/nova-instaladores\/wp-content\/uploads\/2026\/03\/1000059227-768x202.jpg 768w, https:\/\/novaclima.cl\/nova-instaladores\/wp-content\/uploads\/2026\/03\/1000059227-250x66.jpg 250w, https:\/\/novaclima.cl\/nova-instaladores\/wp-content\/uploads\/2026\/03\/1000059227.jpg 926w\" sizes=\"(max-width: 200px) 100vw, 200px\" \/>\t\t\t\t<\/a>\n\t\t\t<\/div>\n\t\t\t<div class=\"image-tools is-small top right show-on-hover\">\n\t\t\t\t\t\t\t<\/div>\n\t\t\t<div class=\"image-tools is-small hide-for-small bottom left show-on-hover\">\n\t\t\t\t\t\t\t<\/div>\n\t\t\t<div class=\"image-tools grid-tools text-center hide-for-small bottom hover-slide-in show-on-hover\">\n\t\t\t\t  <a class=\"quick-view\" data-prod=\"307\" href=\"#quick-view\">Vista R\u00e1pida<\/a>\t\t\t<\/div>\n\t\t\t\t\t<\/div>\n\n\t\t<div class=\"box-text box-text-products\">\n\t\t\t<div class=\"title-wrapper\"><p class=\"name product-title woocommerce-loop-product__title\"><a href=\"https:\/\/novaclima.cl\/nova-instaladores\/producto\/hector-francisco-gonzalez-barros\/\" class=\"woocommerce-LoopProduct-link woocommerce-loop-product__link\">H\u00e9ctor Francisco Gonz\u00e1lez Barros<\/a><\/p><\/div><div class=\"price-wrapper\"><\/div>\t\t<\/div>\n\t<\/div>\n\t\t<\/div>\n<\/div><div class=\"product-small col has-hover product type-product post-305 status-publish last instock product_cat-certificado-rinnai product_cat-instalacion-de-calderas product_cat-mantencion-y-servicio-tecnico product_tag-region-de-la-araucania product_tag-region-de-los-lagos product_tag-region-de-los-rios has-post-thumbnail shipping-taxable product-type-simple\">\n\t<div class=\"col-inner\">\n\t\n<div class=\"badge-container absolute left top z-1\">\n\n<div class=\"badge callout badge-circle\"><div class=\"badge-inner callout-new-bg is-small new-bubble\">CERTIFICADO<\/div><\/div><\/div>\n\t<div class=\"product-small box \">\n\t\t<div class=\"box-image\">\n\t\t\t<div class=\"image-fade_in_back\">\n\t\t\t\t<a href=\"https:\/\/novaclima.cl\/nova-instaladores\/producto\/sebastian-negrete\/\" aria-label=\"Sebastian Negrete\">\n\t\t\t\t\t<img decoding=\"async\" width=\"200\" height=\"51\" src=\"https:\/\/novaclima.cl\/nova-instaladores\/wp-content\/uploads\/2026\/03\/LOGOS-FERROSUR-TODOS_Mesa-de-trabajo-1-200x51.png\" class=\"attachment-woocommerce_thumbnail size-woocommerce_thumbnail\" alt=\"\" srcset=\"https:\/\/novaclima.cl\/nova-instaladores\/wp-content\/uploads\/2026\/03\/LOGOS-FERROSUR-TODOS_Mesa-de-trabajo-1-200x51.png 200w, https:\/\/novaclima.cl\/nova-instaladores\/wp-content\/uploads\/2026\/03\/LOGOS-FERROSUR-TODOS_Mesa-de-trabajo-1-800x205.png 800w, https:\/\/novaclima.cl\/nova-instaladores\/wp-content\/uploads\/2026\/03\/LOGOS-FERROSUR-TODOS_Mesa-de-trabajo-1-1400x358.png 1400w, https:\/\/novaclima.cl\/nova-instaladores\/wp-content\/uploads\/2026\/03\/LOGOS-FERROSUR-TODOS_Mesa-de-trabajo-1-768x196.png 768w, https:\/\/novaclima.cl\/nova-instaladores\/wp-content\/uploads\/2026\/03\/LOGOS-FERROSUR-TODOS_Mesa-de-trabajo-1-1536x393.png 1536w, https:\/\/novaclima.cl\/nova-instaladores\/wp-content\/uploads\/2026\/03\/LOGOS-FERROSUR-TODOS_Mesa-de-trabajo-1-250x64.png 250w, https:\/\/novaclima.cl\/nova-instaladores\/wp-content\/uploads\/2026\/03\/LOGOS-FERROSUR-TODOS_Mesa-de-trabajo-1.png 2029w\" sizes=\"(max-width: 200px) 100vw, 200px\" \/>\t\t\t\t<\/a>\n\t\t\t<\/div>\n\t\t\t<div class=\"image-tools is-small top right show-on-hover\">\n\t\t\t\t\t\t\t<\/div>\n\t\t\t<div class=\"image-tools is-small hide-for-small bottom left show-on-hover\">\n\t\t\t\t\t\t\t<\/div>\n\t\t\t<div class=\"image-tools grid-tools text-center hide-for-small bottom hover-slide-in show-on-hover\">\n\t\t\t\t  <a class=\"quick-view\" data-prod=\"305\" href=\"#quick-view\">Vista R\u00e1pida<\/a>\t\t\t<\/div>\n\t\t\t\t\t<\/div>\n\n\t\t<div class=\"box-text box-text-products\">\n\t\t\t<div class=\"title-wrapper\"><p class=\"name product-title woocommerce-loop-product__title\"><a href=\"https:\/\/novaclima.cl\/nova-instaladores\/producto\/sebastian-negrete\/\" class=\"woocommerce-LoopProduct-link woocommerce-loop-product__link\">Sebastian Negrete<\/a><\/p><\/div><div class=\"price-wrapper\"><\/div>\t\t<\/div>\n\t<\/div>\n\t\t<\/div>\n<\/div><div class=\"product-small col has-hover product type-product post-303 status-publish first instock product_cat-certificado-rinnai product_cat-instalacion-de-calderas product_cat-mantencion-y-servicio-tecnico product_tag-region-de-la-araucania product_tag-region-de-los-lagos product_tag-region-de-los-rios has-post-thumbnail shipping-taxable product-type-simple\">\n\t<div class=\"col-inner\">\n\t\n<div class=\"badge-container absolute left top z-1\">\n\n<div class=\"badge callout badge-circle\"><div class=\"badge-inner callout-new-bg is-small new-bubble\">CERTIFICADO<\/div><\/div><\/div>\n\t<div class=\"product-small box \">\n\t\t<div class=\"box-image\">\n\t\t\t<div class=\"image-fade_in_back\">\n\t\t\t\t<a href=\"https:\/\/novaclima.cl\/nova-instaladores\/producto\/victor-hugo-cabezas\/\" aria-label=\"Victor Hugo Cabezas\">\n\t\t\t\t\t<img loading=\"lazy\" decoding=\"async\" width=\"200\" height=\"85\" src=\"https:\/\/novaclima.cl\/nova-instaladores\/wp-content\/uploads\/2026\/03\/Logo-Glauben-200x85.jpg\" class=\"attachment-woocommerce_thumbnail size-woocommerce_thumbnail\" alt=\"\" srcset=\"https:\/\/novaclima.cl\/nova-instaladores\/wp-content\/uploads\/2026\/03\/Logo-Glauben-200x85.jpg 200w, https:\/\/novaclima.cl\/nova-instaladores\/wp-content\/uploads\/2026\/03\/Logo-Glauben-800x340.jpg 800w, https:\/\/novaclima.cl\/nova-instaladores\/wp-content\/uploads\/2026\/03\/Logo-Glauben-1400x594.jpg 1400w, https:\/\/novaclima.cl\/nova-instaladores\/wp-content\/uploads\/2026\/03\/Logo-Glauben-768x326.jpg 768w, https:\/\/novaclima.cl\/nova-instaladores\/wp-content\/uploads\/2026\/03\/Logo-Glauben-1536x652.jpg 1536w, https:\/\/novaclima.cl\/nova-instaladores\/wp-content\/uploads\/2026\/03\/Logo-Glauben-250x106.jpg 250w, https:\/\/novaclima.cl\/nova-instaladores\/wp-content\/uploads\/2026\/03\/Logo-Glauben.jpg 1599w\" sizes=\"(max-width: 200px) 100vw, 200px\" \/>\t\t\t\t<\/a>\n\t\t\t<\/div>\n\t\t\t<div class=\"image-tools is-small top right show-on-hover\">\n\t\t\t\t\t\t\t<\/div>\n\t\t\t<div class=\"image-tools is-small hide-for-small bottom left show-on-hover\">\n\t\t\t\t\t\t\t<\/div>\n\t\t\t<div class=\"image-tools grid-tools text-center hide-for-small bottom hover-slide-in show-on-hover\">\n\t\t\t\t  <a class=\"quick-view\" data-prod=\"303\" href=\"#quick-view\">Vista R\u00e1pida<\/a>\t\t\t<\/div>\n\t\t\t\t\t<\/div>\n\n\t\t<div class=\"box-text box-text-products\">\n\t\t\t<div class=\"title-wrapper\"><p class=\"name product-title woocommerce-loop-product__title\"><a href=\"https:\/\/novaclima.cl\/nova-instaladores\/producto\/victor-hugo-cabezas\/\" class=\"woocommerce-LoopProduct-link woocommerce-loop-product__link\">Victor Hugo Cabezas<\/a><\/p><\/div><div class=\"price-wrapper\"><\/div>\t\t<\/div>\n\t<\/div>\n\t\t<\/div>\n<\/div><div class=\"product-small col has-hover product type-product post-301 status-publish instock product_cat-certificado-rinnai product_cat-instalacion-de-calderas product_cat-mantencion-y-servicio-tecnico product_tag-region-de-la-araucania product_tag-region-de-nuble product_tag-region-del-biobio has-post-thumbnail shipping-taxable product-type-simple\">\n\t<div class=\"col-inner\">\n\t\n<div class=\"badge-container absolute left top z-1\">\n\n<div class=\"badge callout badge-circle\"><div class=\"badge-inner callout-new-bg is-small new-bubble\">CERTIFICADO<\/div><\/div><\/div>\n\t<div class=\"product-small box \">\n\t\t<div class=\"box-image\">\n\t\t\t<div class=\"image-fade_in_back\">\n\t\t\t\t<a href=\"https:\/\/novaclima.cl\/nova-instaladores\/producto\/juan-carlos-marcelo-torres-pedreros\/\" aria-label=\"Juan Carlos Marcelo Torres Pedreros\">\n\t\t\t\t\t<img loading=\"lazy\" decoding=\"async\" width=\"200\" height=\"133\" src=\"https:\/\/novaclima.cl\/nova-instaladores\/wp-content\/uploads\/2026\/03\/Logo-Juan-Carlos-Torres-200x133.jpg\" class=\"attachment-woocommerce_thumbnail size-woocommerce_thumbnail\" alt=\"\" srcset=\"https:\/\/novaclima.cl\/nova-instaladores\/wp-content\/uploads\/2026\/03\/Logo-Juan-Carlos-Torres-200x133.jpg 200w, https:\/\/novaclima.cl\/nova-instaladores\/wp-content\/uploads\/2026\/03\/Logo-Juan-Carlos-Torres-600x400.jpg 600w, https:\/\/novaclima.cl\/nova-instaladores\/wp-content\/uploads\/2026\/03\/Logo-Juan-Carlos-Torres-1200x800.jpg 1200w, https:\/\/novaclima.cl\/nova-instaladores\/wp-content\/uploads\/2026\/03\/Logo-Juan-Carlos-Torres-768x512.jpg 768w, https:\/\/novaclima.cl\/nova-instaladores\/wp-content\/uploads\/2026\/03\/Logo-Juan-Carlos-Torres-250x167.jpg 250w, https:\/\/novaclima.cl\/nova-instaladores\/wp-content\/uploads\/2026\/03\/Logo-Juan-Carlos-Torres.jpg 1536w\" sizes=\"(max-width: 200px) 100vw, 200px\" \/>\t\t\t\t<\/a>\n\t\t\t<\/div>\n\t\t\t<div class=\"image-tools is-small top right show-on-hover\">\n\t\t\t\t\t\t\t<\/div>\n\t\t\t<div class=\"image-tools is-small hide-for-small bottom left show-on-hover\">\n\t\t\t\t\t\t\t<\/div>\n\t\t\t<div class=\"image-tools grid-tools text-center hide-for-small bottom hover-slide-in show-on-hover\">\n\t\t\t\t  <a class=\"quick-view\" data-prod=\"301\" href=\"#quick-view\">Vista R\u00e1pida<\/a>\t\t\t<\/div>\n\t\t\t\t\t<\/div>\n\n\t\t<div class=\"box-text box-text-products\">\n\t\t\t<div class=\"title-wrapper\"><p class=\"name product-title woocommerce-loop-product__title\"><a href=\"https:\/\/novaclima.cl\/nova-instaladores\/producto\/juan-carlos-marcelo-torres-pedreros\/\" class=\"woocommerce-LoopProduct-link woocommerce-loop-product__link\">Juan Carlos Marcelo Torres Pedreros<\/a><\/p><\/div><div class=\"price-wrapper\"><\/div>\t\t<\/div>\n\t<\/div>\n\t\t<\/div>\n<\/div><div class=\"product-small col has-hover product type-product post-300 status-publish last instock product_cat-certificado-rinnai product_cat-instalacion-de-calderas product_cat-mantencion-y-servicio-tecnico product_tag-region-de-la-araucania product_tag-region-de-los-lagos product_tag-region-del-biobio shipping-taxable product-type-simple\">\n\t<div class=\"col-inner\">\n\t\n<div class=\"badge-container absolute left top z-1\">\n\n<div class=\"badge callout badge-circle\"><div class=\"badge-inner callout-new-bg is-small new-bubble\">CERTIFICADO<\/div><\/div><\/div>\n\t<div class=\"product-small box \">\n\t\t<div class=\"box-image\">\n\t\t\t<div class=\"image-fade_in_back\">\n\t\t\t\t<a href=\"https:\/\/novaclima.cl\/nova-instaladores\/producto\/jesus-alberto-umanzor-fernandez\/\" aria-label=\"Jesus Alberto Umanzor Fern\u00e1ndez\">\n\t\t\t\t\t<img loading=\"lazy\" decoding=\"async\" width=\"200\" height=\"200\" src=\"https:\/\/novaclima.cl\/nova-instaladores\/wp-content\/uploads\/woocommerce-placeholder-200x200.png\" class=\"woocommerce-placeholder wp-post-image\" alt=\"Placeholder\" srcset=\"https:\/\/novaclima.cl\/nova-instaladores\/wp-content\/uploads\/woocommerce-placeholder-200x200.png 200w, https:\/\/novaclima.cl\/nova-instaladores\/wp-content\/uploads\/woocommerce-placeholder-100x100.png 100w, https:\/\/novaclima.cl\/nova-instaladores\/wp-content\/uploads\/woocommerce-placeholder-250x250.png 250w, https:\/\/novaclima.cl\/nova-instaladores\/wp-content\/uploads\/woocommerce-placeholder.png 1200w\" sizes=\"(max-width: 200px) 100vw, 200px\" \/>\t\t\t\t<\/a>\n\t\t\t<\/div>\n\t\t\t<div class=\"image-tools is-small top right show-on-hover\">\n\t\t\t\t\t\t\t<\/div>\n\t\t\t<div class=\"image-tools is-small hide-for-small bottom left show-on-hover\">\n\t\t\t\t\t\t\t<\/div>\n\t\t\t<div class=\"image-tools grid-tools text-center hide-for-small bottom hover-slide-in show-on-hover\">\n\t\t\t\t  <a class=\"quick-view\" data-prod=\"300\" href=\"#quick-view\">Vista R\u00e1pida<\/a>\t\t\t<\/div>\n\t\t\t\t\t<\/div>\n\n\t\t<div class=\"box-text box-text-products\">\n\t\t\t<div class=\"title-wrapper\"><p class=\"name product-title woocommerce-loop-product__title\"><a href=\"https:\/\/novaclima.cl\/nova-instaladores\/producto\/jesus-alberto-umanzor-fernandez\/\" class=\"woocommerce-LoopProduct-link woocommerce-loop-product__link\">Jesus Alberto Umanzor Fern\u00e1ndez<\/a><\/p><\/div><div class=\"price-wrapper\"><\/div>\t\t<\/div>\n\t<\/div>\n\t\t<\/div>\n<\/div><div class=\"product-small col has-hover product type-product post-254 status-publish first instock product_cat-certificado-rinnai product_cat-sistema-de-calefaccion-calderas-y-calefon-rinnai product_tag-region-del-biobio has-post-thumbnail shipping-taxable product-type-simple\">\n\t<div class=\"col-inner\">\n\t\n<div class=\"badge-container absolute left top z-1\">\n\n<div class=\"badge callout badge-circle\"><div class=\"badge-inner callout-new-bg is-small new-bubble\">CERTIFICADO<\/div><\/div><\/div>\n\t<div class=\"product-small box \">\n\t\t<div class=\"box-image\">\n\t\t\t<div class=\"image-fade_in_back\">\n\t\t\t\t<a href=\"https:\/\/novaclima.cl\/nova-instaladores\/producto\/christian-arevalo-caro-copy\/\" aria-label=\"Christian Arevalo Caro (Copy)\">\n\t\t\t\t\t<img loading=\"lazy\" decoding=\"async\" width=\"200\" height=\"200\" src=\"https:\/\/novaclima.cl\/nova-instaladores\/wp-content\/uploads\/2024\/12\/silgas-1-200x200.jpg\" class=\"attachment-woocommerce_thumbnail size-woocommerce_thumbnail\" alt=\"\" srcset=\"https:\/\/novaclima.cl\/nova-instaladores\/wp-content\/uploads\/2024\/12\/silgas-1-200x200.jpg 200w, https:\/\/novaclima.cl\/nova-instaladores\/wp-content\/uploads\/2024\/12\/silgas-1-400x400.jpg 400w, https:\/\/novaclima.cl\/nova-instaladores\/wp-content\/uploads\/2024\/12\/silgas-1-800x800.jpg 800w, https:\/\/novaclima.cl\/nova-instaladores\/wp-content\/uploads\/2024\/12\/silgas-1-280x280.jpg 280w, https:\/\/novaclima.cl\/nova-instaladores\/wp-content\/uploads\/2024\/12\/silgas-1-768x768.jpg 768w, https:\/\/novaclima.cl\/nova-instaladores\/wp-content\/uploads\/2024\/12\/silgas-1-250x250.jpg 250w, https:\/\/novaclima.cl\/nova-instaladores\/wp-content\/uploads\/2024\/12\/silgas-1-100x100.jpg 100w, https:\/\/novaclima.cl\/nova-instaladores\/wp-content\/uploads\/2024\/12\/silgas-1.jpg 1000w\" sizes=\"(max-width: 200px) 100vw, 200px\" \/>\t\t\t\t<\/a>\n\t\t\t<\/div>\n\t\t\t<div class=\"image-tools is-small top right show-on-hover\">\n\t\t\t\t\t\t\t<\/div>\n\t\t\t<div class=\"image-tools is-small hide-for-small bottom left show-on-hover\">\n\t\t\t\t\t\t\t<\/div>\n\t\t\t<div class=\"image-tools grid-tools text-center hide-for-small bottom hover-slide-in show-on-hover\">\n\t\t\t\t  <a class=\"quick-view\" data-prod=\"254\" href=\"#quick-view\">Vista R\u00e1pida<\/a>\t\t\t<\/div>\n\t\t\t\t\t<\/div>\n\n\t\t<div class=\"box-text box-text-products\">\n\t\t\t<div class=\"title-wrapper\"><p class=\"name product-title woocommerce-loop-product__title\"><a href=\"https:\/\/novaclima.cl\/nova-instaladores\/producto\/christian-arevalo-caro-copy\/\" class=\"woocommerce-LoopProduct-link woocommerce-loop-product__link\">Christian Arevalo Caro (Copy)<\/a><\/p><\/div><div class=\"price-wrapper\"><\/div>\t\t<\/div>\n\t<\/div>\n\t\t<\/div>\n<\/div><div class=\"product-small col has-hover product type-product post-245 status-publish instock product_cat-certificado-rinnai product_cat-sistema-de-calefaccion-calderas-y-calefon-rinnai product_tag-region-de-la-araucania product_tag-region-de-los-lagos product_tag-region-de-los-rios has-post-thumbnail shipping-taxable product-type-simple\">\n\t<div class=\"col-inner\">\n\t\n<div class=\"badge-container absolute left top z-1\">\n\n<div class=\"badge callout badge-circle\"><div class=\"badge-inner callout-new-bg is-small new-bubble\">CERTIFICADO<\/div><\/div><\/div>\n\t<div class=\"product-small box \">\n\t\t<div class=\"box-image\">\n\t\t\t<div class=\"image-fade_in_back\">\n\t\t\t\t<a href=\"https:\/\/novaclima.cl\/nova-instaladores\/producto\/francisco-larraguibel\/\" aria-label=\"Francisco Larraguibel\">\n\t\t\t\t\t<img loading=\"lazy\" decoding=\"async\" width=\"200\" height=\"200\" src=\"https:\/\/novaclima.cl\/nova-instaladores\/wp-content\/uploads\/2024\/12\/Francisco-Larraguibel-1-200x200.jpg\" class=\"attachment-woocommerce_thumbnail size-woocommerce_thumbnail\" alt=\"\" srcset=\"https:\/\/novaclima.cl\/nova-instaladores\/wp-content\/uploads\/2024\/12\/Francisco-Larraguibel-1-200x200.jpg 200w, https:\/\/novaclima.cl\/nova-instaladores\/wp-content\/uploads\/2024\/12\/Francisco-Larraguibel-1-400x400.jpg 400w, https:\/\/novaclima.cl\/nova-instaladores\/wp-content\/uploads\/2024\/12\/Francisco-Larraguibel-1-280x280.jpg 280w, https:\/\/novaclima.cl\/nova-instaladores\/wp-content\/uploads\/2024\/12\/Francisco-Larraguibel-1-250x250.jpg 250w, https:\/\/novaclima.cl\/nova-instaladores\/wp-content\/uploads\/2024\/12\/Francisco-Larraguibel-1-100x100.jpg 100w, https:\/\/novaclima.cl\/nova-instaladores\/wp-content\/uploads\/2024\/12\/Francisco-Larraguibel-1.jpg 750w\" sizes=\"(max-width: 200px) 100vw, 200px\" \/>\t\t\t\t<\/a>\n\t\t\t<\/div>\n\t\t\t<div class=\"image-tools is-small top right show-on-hover\">\n\t\t\t\t\t\t\t<\/div>\n\t\t\t<div class=\"image-tools is-small hide-for-small bottom left show-on-hover\">\n\t\t\t\t\t\t\t<\/div>\n\t\t\t<div class=\"image-tools grid-tools text-center hide-for-small bottom hover-slide-in show-on-hover\">\n\t\t\t\t  <a class=\"quick-view\" data-prod=\"245\" href=\"#quick-view\">Vista R\u00e1pida<\/a>\t\t\t<\/div>\n\t\t\t\t\t<\/div>\n\n\t\t<div class=\"box-text box-text-products\">\n\t\t\t<div class=\"title-wrapper\"><p class=\"name product-title woocommerce-loop-product__title\"><a href=\"https:\/\/novaclima.cl\/nova-instaladores\/producto\/francisco-larraguibel\/\" class=\"woocommerce-LoopProduct-link woocommerce-loop-product__link\">Francisco Larraguibel<\/a><\/p><\/div><div class=\"price-wrapper\"><\/div>\t\t<\/div>\n\t<\/div>\n\t\t<\/div>\n<\/div><\/div>\t\t<div class=\"ux-relay__control ux-relay__control--bottom container pb-half text-center\">\n\t\t\t\t\t\t\t<button class=\"ux-relay__button ux-relay__nav-button ux-relay__nav-button--prev\" data-flatsome-dir=\"prev\" disabled aria-label=\"Previous\">\n\t\t\t\t\t<svg class=\"ux-relay__button-icon\" viewBox=\"0 0 100 100\">\n\t\t\t\t\t\t<path d=\"M 10,50 L 60,100 L 70,90 L 30,50  L 70,10 L 60,0 Z\"><\/path>\n\t\t\t\t\t<\/svg>\n\t\t\t\t<\/button>\n\t\t\t\t<button class=\"ux-relay__button ux-relay__nav-button ux-relay__nav-button--next\" data-flatsome-dir=\"next\" aria-label=\"Next\">\n\t\t\t\t\t<svg class=\"ux-relay__button-icon\" viewBox=\"0 0 100 100\">\n\t\t\t\t\t\t<path d=\"M 10,50 L 60,100 L 70,90 L 30,50  L 70,10 L 60,0 Z\" transform=\"translate(100, 100) rotate(180)\"><\/path>\n\t\t\t\t\t<\/svg>\n\t\t\t\t<\/button>\n\t\t\t\t\t\t<\/div>\n\t\t\t\t<\/div>\n\t\t\n\t\t<\/div>\n\t\t\t\t\t<\/div>\n\n\t\n<\/div>\n","protected":false},"excerpt":{"rendered":"","protected":false},"author":1,"featured_media":0,"parent":0,"menu_order":0,"comment_status":"closed","ping_status":"open","template":"","meta":{"footnotes":""},"class_list":["post-2","page","type-page","status-publish","hentry"],"_links":{"self":[{"href":"https:\/\/novaclima.cl\/nova-instaladores\/wp-json\/wp\/v2\/pages\/2","targetHints":{"allow":["GET"]}}],"collection":[{"href":"https:\/\/novaclima.cl\/nova-instaladores\/wp-json\/wp\/v2\/pages"}],"about":[{"href":"https:\/\/novaclima.cl\/nova-instaladores\/wp-json\/wp\/v2\/types\/page"}],"author":[{"embeddable":true,"href":"https:\/\/novaclima.cl\/nova-instaladores\/wp-json\/wp\/v2\/users\/1"}],"replies":[{"embeddable":true,"href":"https:\/\/novaclima.cl\/nova-instaladores\/wp-json\/wp\/v2\/comments?post=2"}],"version-history":[{"count":6,"href":"https:\/\/novaclima.cl\/nova-instaladores\/wp-json\/wp\/v2\/pages\/2\/revisions"}],"predecessor-version":[{"id":252,"href":"https:\/\/novaclima.cl\/nova-instaladores\/wp-json\/wp\/v2\/pages\/2\/revisions\/252"}],"wp:attachment":[{"href":"https:\/\/novaclima.cl\/nova-instaladores\/wp-json\/wp\/v2\/media?parent=2"}],"curies":[{"name":"wp","href":"https:\/\/api.w.org\/{rel}","templated":true}]}}